{"id":9419,"date":"2019-04-24T10:56:17","date_gmt":"2019-04-24T08:56:17","guid":{"rendered":"https:\/\/enscat-dev.pefc.cat\/home-business\/"},"modified":"2023-02-03T03:18:33","modified_gmt":"2023-02-03T02:18:33","slug":"inicio","status":"publish","type":"page","link":"https:\/\/enscat.org\/es\/","title":{"rendered":"Inicio"},"content":{"rendered":"<div class=\"wpb-content-wrapper\"><p>[vc_row][vc_column][rev_slider_vc alias=&#8221;home-cat-1&#8243;][\/vc_column][\/vc_row][vc_row content_placement=&#8221;middle&#8221; css=&#8221;.vc_custom_1647707798197{margin-top: -200px !important;padding-top: 0px !important;padding-right: 0px !important;padding-bottom: 0px !important;padding-left: 0px !important;background-color: #ffffff !important;}&#8221; el_class=&#8221;box-h-slider&#8221;][vc_column css=&#8221;.vc_custom_1649014139453{padding-top: 0px !important;padding-right: 0px !important;padding-bottom: 0px !important;padding-left: 0px !important;}&#8221; offset=&#8221;vc_hidden-sm vc_hidden-xs&#8221;][vc_row_inner content_placement=&#8221;middle&#8221; css=&#8221;.vc_custom_1645899709231{padding-top: 0px !important;padding-bottom: 0px !important;}&#8221; el_class=&#8221;content-box-slider&#8221;][vc_column_inner width=&#8221;1\/2&#8243; css=&#8221;.vc_custom_1645614722584{padding-top: 4rem !important;padding-right: 4rem !important;padding-bottom: 4rem !important;padding-left: 4rem !important;}&#8221;]<header class=\"kd-section-title col-lg-12 text-left    \" ><h1 class=\"separator_off\" style=\"color: #8a5e60;\">Qu\u00e9 es ENSCAT?<\/h1><\/header>[vc_column_text]<\/p>\n<div class=\"page\" title=\"Page 1\">\n<div class=\"section\">\n<div class=\"layoutArea\">\n<div class=\"column\">\n<p>La certificaci\u00f3n forestal PEFC (<em>Programme for the Endorsement of Forest Certification<\/em>) en Gesti\u00f3n Forestal Sostenible se implanta en Catalu\u00f1a intermediando la <a href=\"https:\/\/enscat.org\/es\/certificacions-pefc\/\"><strong><u>Modalidad Regional<\/u><\/strong><\/a>, que requiere de una Entidad que solicite a\u00a0<a href=\"https:\/\/www.pefc.es\" target=\"_blank\" rel=\"noopener\"><strong><u>PEFC<\/u><\/strong>\u00a0<\/a>la implantaci\u00f3n del Sistema en Catalunya y que, posteriormente, se encargue de la gesti\u00f3n del Sistema implantado. Esta entidad es <strong>ENSCAT<\/strong>.<\/p>\n<\/div>\n<\/div>\n<\/div>\n<\/div>\n<p>[\/vc_column_text][vc_btn title=&#8221;LEER M\u00c1S&#8221; style=&#8221;flat&#8221; shape=&#8221;square&#8221; color=&#8221;white&#8221; size=&#8221;lg&#8221; link=&#8221;url:https%3A%2F%2Fenscat.org%2Fenscat%2F|title:Enscat|&#8221;][\/vc_column_inner][vc_column_inner width=&#8221;1\/2&#8243; css=&#8221;.vc_custom_1645613698182{padding-top: 0px !important;padding-right: 0px !important;padding-bottom: 0px !important;padding-left: 0px !important;}&#8221;][vc_single_image image=&#8221;8751&#8243; img_size=&#8221;full&#8221; alignment=&#8221;center&#8221; css=&#8221;.vc_custom_1647707951433{margin-top: 0px !important;margin-right: 0px !important;margin-bottom: 0px !important;margin-left: 0px !important;border-bottom-width: 0px !important;padding-top: 0px !important;padding-right: 0px !important;padding-left: 0px !important;}&#8221;][\/vc_column_inner][\/vc_row_inner][vc_separator color=&#8221;custom&#8221; accent_color=&#8221;#e8e9f1&#8243; css=&#8221;.vc_custom_1550579519803{padding-right: 15px !important;padding-left: 15px !important;}&#8221;][\/vc_column][\/vc_row][vc_row content_placement=&#8221;middle&#8221; css=&#8221;.vc_custom_1649017902091{margin-top: 0px !important;padding-top: 0px !important;padding-right: 0px !important;padding-bottom: 0px !important;padding-left: 0px !important;background-color: #ffffff !important;}&#8221;][vc_column css=&#8221;.vc_custom_1649014158171{padding-top: 0px !important;padding-right: 0px !important;padding-bottom: 0px !important;padding-left: 0px !important;}&#8221; offset=&#8221;vc_hidden-lg vc_hidden-md&#8221;][vc_row_inner content_placement=&#8221;middle&#8221; css=&#8221;.vc_custom_1645899709231{padding-top: 0px !important;padding-bottom: 0px !important;}&#8221; el_class=&#8221;content-box-slider&#8221;][vc_column_inner width=&#8221;1\/2&#8243; css=&#8221;.vc_custom_1645614722584{padding-top: 4rem !important;padding-right: 4rem !important;padding-bottom: 4rem !important;padding-left: 4rem !important;}&#8221;]<header class=\"kd-section-title col-lg-12 text-left    \" ><h1 class=\"separator_off\" style=\"color: #8a5e60;\">Qu\u00e9 es l\u2019ENSCAT<\/h1><\/header>[vc_column_text]<\/p>\n<div class=\"page\" title=\"Page 1\">\n<div class=\"section\">\n<div class=\"layoutArea\">\n<div class=\"column\">\n<p>La certificaci\u00f3 forestal PEFC (<em>Programme for the Endorsement of Forest Certificationt<\/em>) en Gesti\u00f3 Forestal Sostenible s\u2019implanta a Catalunya mitjan\u00e7ant la <a href=\"https:\/\/enscat.org\/certificacions-pefc\/\"><strong><u>Modalitat Regional<\/u><\/strong><\/a>, que requereix d\u2019una <strong>Entitat<\/strong> que sol\u00b7liciti a <a href=\"https:\/\/www.pefc.es\" target=\"_blank\" rel=\"noopener\"><strong><u>PEFC<\/u><\/strong>\u00a0<\/a>la implantaci\u00f3 del Sistema a Catalunya i que, posteriorment, s\u2019encarregui de la gesti\u00f3 del Sistema implantat. Aquesta entitat \u00e9s <strong>ENSCAT<\/strong>.<\/p>\n<\/div>\n<\/div>\n<\/div>\n<\/div>\n<p>[\/vc_column_text][vc_btn title=&#8221;LEER M\u00c1S&#8221; style=&#8221;flat&#8221; shape=&#8221;square&#8221; color=&#8221;white&#8221; size=&#8221;lg&#8221; link=&#8221;url:https%3A%2F%2Fenscat.org%2Fenscat%2F|title:Enscat|&#8221;][\/vc_column_inner][vc_column_inner width=&#8221;1\/2&#8243; css=&#8221;.vc_custom_1645613698182{padding-top: 0px !important;padding-right: 0px !important;padding-bottom: 0px !important;padding-left: 0px !important;}&#8221;][vc_single_image image=&#8221;8751&#8243; img_size=&#8221;full&#8221; alignment=&#8221;center&#8221; css=&#8221;.vc_custom_1647707951433{margin-top: 0px !important;margin-right: 0px !important;margin-bottom: 0px !important;margin-left: 0px !important;border-bottom-width: 0px !important;padding-top: 0px !important;padding-right: 0px !important;padding-left: 0px !important;}&#8221;][\/vc_column_inner][\/vc_row_inner][vc_separator color=&#8221;custom&#8221; accent_color=&#8221;#e8e9f1&#8243; css=&#8221;.vc_custom_1550579519803{padding-right: 15px !important;padding-left: 15px !important;}&#8221;][\/vc_column][\/vc_row][vc_row full_width=&#8221;stretch_row&#8221; css=&#8221;.vc_custom_1647961620246{padding-top: 350px !important;padding-bottom: 75px !important;background-image: url(https:\/\/enscat.org\/wp-content\/uploads\/2022\/02\/bg-home-sec-1-scaled.jpg?id=7638) !important;}&#8221;][vc_column][vc_row_inner][vc_column_inner]<header class=\"kd-section-title col-lg-12 text-center     vc_custom_1662685394579\" ><h2 class=\"separator_off\" >Objetivos de ENSCAT<\/h2><\/header>[\/vc_column_inner][\/vc_row_inner][vc_row_inner content_placement=&#8221;top&#8221;][vc_column_inner width=&#8221;1\/4&#8243;][vc_icon type=&#8221;linecons&#8221; icon_linecons=&#8221;vc_li vc_li-clip&#8221; color=&#8221;custom&#8221; size=&#8221;lg&#8221; custom_color=&#8221;#875b10&#8243;][vc_column_text]Solicitar a PEFC la aprobaci\u00f3n en Catalu\u00f1a del sistema de certificaci\u00f3n PEFC regional.[\/vc_column_text][\/vc_column_inner][vc_column_inner width=&#8221;1\/4&#8243;][vc_icon type=&#8221;linecons&#8221; icon_linecons=&#8221;vc_li vc_li-like&#8221; color=&#8221;custom&#8221; size=&#8221;lg&#8221; custom_color=&#8221;#875b10&#8243;][vc_column_text]Mantener la certificaci\u00f3n forestal\u00a0PEFC\u00a0en gesti\u00f3n forestal sostenible en los terrenos forestales ordenados de Catalu\u00f1a.[\/vc_column_text][\/vc_column_inner][vc_column_inner width=&#8221;1\/4&#8243;][vc_icon type=&#8221;linecons&#8221; icon_linecons=&#8221;vc_li vc_li-data&#8221; color=&#8221;custom&#8221; size=&#8221;lg&#8221; custom_color=&#8221;#875b10&#8243;][vc_column_text]Agrupar, en su certificado de gesti\u00f3n forestal sostenible regional, a las personas gestoras forestales (propiedad forestal y empresas de trabajos forestales) interesados a participar voluntariamente en la certificaci\u00f3n\u00a0PEFC\u00a0a nivel regional.[\/vc_column_text][\/vc_column_inner][vc_column_inner width=&#8221;1\/4&#8243;][vc_icon type=&#8221;linecons&#8221; icon_linecons=&#8221;vc_li vc_li-calendar&#8221; color=&#8221;custom&#8221; size=&#8221;lg&#8221; custom_color=&#8221;#875b10&#8243;][vc_column_text]<span class=\"TextRun SCXW39992252 BCX0\" lang=\"CA-ES\" xml:lang=\"CA-ES\" data-contrast=\"auto\"><span class=\"NormalTextRun SCXW39992252 BCX0\">Llevar a cabo las actividades y controles previstos en el <\/span><\/span><a href=\"\/normativa\/#sistema-es\"><span class=\"TextRun Underlined MacChromeBold SCXW39992252 BCX0\" lang=\"CA-ES\" xml:lang=\"CA-ES\" data-contrast=\"none\"><span class=\"NormalTextRun SCXW39992252 BCX0\">s<\/span><span class=\"NormalTextRun SCXW39992252 BCX0\">i<\/span><span class=\"NormalTextRun SCXW39992252 BCX0\">stema PEFC<\/span><\/span><\/a> y en su <a href=\"\/es\/normativa\/#cert-cat\"><span class=\"TextRun Underlined MacChromeBold SCXW39992252 BCX0\" lang=\"CA-ES\" xml:lang=\"CA-ES\" data-contrast=\"none\"><span class=\"NormalTextRun SCXW39992252 BCX0\">P<\/span><span class=\"NormalTextRun SCXW39992252 BCX0\">rocedimento <\/span><span class=\"NormalTextRun SCXW39992252 BCX0\">de <\/span><span class=\"NormalTextRun SCXW39992252 BCX0\">c<\/span><span class=\"NormalTextRun SCXW39992252 BCX0\">ontrol.<\/span><\/span><span class=\"TextRun SCXW39992252 BCX0\" lang=\"CA-ES\" xml:lang=\"CA-ES\" data-contrast=\"none\"><span class=\"NormalTextRun SCXW39992252 BCX0\">\u00a0<\/span><\/span><\/a>[\/vc_column_text][\/vc_column_inner][\/vc_row_inner][vc_row_inner][vc_column_inner][vc_empty_space height=&#8221;50px&#8221;][\/vc_column_inner][\/vc_row_inner][vc_row_inner][vc_column_inner][vc_btn title=&#8221;LEER M\u00c1S&#8221; style=&#8221;flat&#8221; shape=&#8221;square&#8221; color=&#8221;danger&#8221; size=&#8221;lg&#8221; align=&#8221;center&#8221; link=&#8221;url:https%3A%2F%2Fenscat.org%2Fes%2Fenscat-cast%2F|title:Enscat&#8221;][\/vc_column_inner][\/vc_row_inner][\/vc_column][\/vc_row][vc_row full_width=&#8221;stretch_row&#8221; disable_element=&#8221;yes&#8221; css=&#8221;.vc_custom_1646929889928{padding-top: 400px !important;padding-bottom: 100px !important;background-image: url(https:\/\/enscat.org\/wp-content\/uploads\/2022\/02\/bg-home-sec-1-scaled.jpg?id=7638) !important;}&#8221;][vc_column width=&#8221;1\/2&#8243;][vc_row_inner][vc_column_inner]<header class=\"kd-section-title col-lg-12 text-left    \" ><h2 class=\"separator_off\" >Objectius de l'ENSCAT<\/h2><\/header>[\/vc_column_inner][\/vc_row_inner][vc_column_text]Els Objectius de l&#8217;<strong>ENSCAT<\/strong> s\u00f3n:[\/vc_column_text][vc_btn title=&#8221;Ver mes&#8221; style=&#8221;flat&#8221; shape=&#8221;square&#8221; color=&#8221;danger&#8221; size=&#8221;lg&#8221;][\/vc_column][vc_column width=&#8221;1\/2&#8243;][vc_row_inner content_placement=&#8221;top&#8221;][vc_column_inner width=&#8221;1\/2&#8243;][vc_icon type=&#8221;linecons&#8221; icon_linecons=&#8221;vc_li vc_li-like&#8221; color=&#8221;custom&#8221; size=&#8221;lg&#8221; custom_color=&#8221;#875b10&#8243;][vc_column_text]<span class=\"TextRun SCXW86208795 BCX0\" lang=\"CA-ES\" xml:lang=\"CA-ES\" data-contrast=\"auto\"><span class=\"NormalTextRun SCXW86208795 BCX0\">Sol\u00b7licitar a <\/span><\/span><span class=\"TextRun SCXW86208795 BCX0\" lang=\"CA-ES\" xml:lang=\"CA-ES\" data-contrast=\"none\"><span class=\"NormalTextRun SCXW86208795 BCX0\">PEFC<\/span><\/span><span class=\"TextRun SCXW86208795 BCX0\" lang=\"CA-ES\" xml:lang=\"CA-ES\" data-contrast=\"auto\"><span class=\"NormalTextRun SCXW86208795 BCX0\"> l\u2019aprovaci\u00f3 a Catalunya del <\/span><span class=\"NormalTextRun SCXW86208795 BCX0\">si<\/span><span class=\"NormalTextRun SCXW86208795 BCX0\">stema de <\/span><span class=\"NormalTextRun SCXW86208795 BCX0\">c<\/span><span class=\"NormalTextRun SCXW86208795 BCX0\">ertificaci\u00f3 PEFC <\/span><span class=\"NormalTextRun SCXW86208795 BCX0\">r<\/span><span class=\"NormalTextRun SCXW86208795 BCX0\">egional<\/span><span class=\"NormalTextRun SCXW86208795 BCX0\">.<\/span><\/span><span class=\"EOP SCXW86208795 BCX0\" data-ccp-props=\"{&quot;201341983&quot;:0,&quot;335551550&quot;:6,&quot;335551620&quot;:6,&quot;335559685&quot;:709,&quot;335559739&quot;:160,&quot;335559740&quot;:240,&quot;335559991&quot;:142}\">\u00a0<\/span>[\/vc_column_text][\/vc_column_inner][vc_column_inner width=&#8221;1\/2&#8243;][vc_icon type=&#8221;linecons&#8221; icon_linecons=&#8221;vc_li vc_li-clip&#8221; color=&#8221;custom&#8221; size=&#8221;lg&#8221; custom_color=&#8221;#875b10&#8243;][vc_column_text]Mantenir la certificaci\u00f3 forestal PEFC en gesti\u00f3 forestal sostenible en els terrenys forestals ordenats de Catalunya.[\/vc_column_text][\/vc_column_inner][\/vc_row_inner][vc_row_inner][vc_column_inner][vc_empty_space][\/vc_column_inner][\/vc_row_inner][vc_row_inner][vc_column_inner width=&#8221;1\/2&#8243;][vc_icon type=&#8221;linecons&#8221; icon_linecons=&#8221;vc_li vc_li-data&#8221; color=&#8221;custom&#8221; size=&#8221;lg&#8221; custom_color=&#8221;#875b10&#8243;][vc_column_text]<span class=\"TextRun SCXW200834897 BCX0\" lang=\"CA-ES\" xml:lang=\"CA-ES\" data-contrast=\"auto\"><span class=\"NormalTextRun SCXW200834897 BCX0\">A<\/span><span class=\"NormalTextRun SCXW200834897 BCX0\">grupa<\/span><span class=\"NormalTextRun SCXW200834897 BCX0\">r, <\/span><span class=\"NormalTextRun SCXW200834897 BCX0\">en el seu <\/span><\/span><span class=\"TextRun MacChromeBold SCXW200834897 BCX0\" lang=\"CA-ES\" xml:lang=\"CA-ES\" data-contrast=\"auto\"><span class=\"NormalTextRun SCXW200834897 BCX0\">c<\/span><span class=\"NormalTextRun SCXW200834897 BCX0\">ertificat de <\/span><span class=\"NormalTextRun SCXW200834897 BCX0\">g<\/span><span class=\"NormalTextRun SCXW200834897 BCX0\">esti\u00f3 <\/span><span class=\"NormalTextRun SCXW200834897 BCX0\">f<\/span><span class=\"NormalTextRun SCXW200834897 BCX0\">orestal <\/span><span class=\"NormalTextRun SCXW200834897 BCX0\">s<\/span><span class=\"NormalTextRun SCXW200834897 BCX0\">ostenible <\/span><span class=\"NormalTextRun SCXW200834897 BCX0\">r<\/span><span class=\"NormalTextRun SCXW200834897 BCX0\">egional<\/span><\/span><span class=\"TextRun SCXW200834897 BCX0\" lang=\"CA-ES\" xml:lang=\"CA-ES\" data-contrast=\"auto\"><span class=\"NormalTextRun SCXW200834897 BCX0\">,<\/span><span class=\"NormalTextRun SCXW200834897 BCX0\"> a<\/span><span class=\"NormalTextRun SCXW200834897 BCX0\"> les persones g<\/span><span class=\"NormalTextRun SCXW200834897 BCX0\">estor<\/span><span class=\"NormalTextRun SCXW200834897 BCX0\">e<\/span><span class=\"NormalTextRun SCXW200834897 BCX0\">s <\/span><span class=\"NormalTextRun SCXW200834897 BCX0\">f<\/span><span class=\"NormalTextRun SCXW200834897 BCX0\">orestals (<\/span><span class=\"NormalTextRun SCXW200834897 BCX0\">p<\/span><span class=\"NormalTextRun SCXW200834897 BCX0\">ropietat <\/span><span class=\"NormalTextRun SCXW200834897 BCX0\">f<\/span><span class=\"NormalTextRun SCXW200834897 BCX0\">orestal i <\/span><span class=\"NormalTextRun SCXW200834897 BCX0\">e<\/span><span class=\"NormalTextRun SCXW200834897 BCX0\">mpreses de <\/span><span class=\"NormalTextRun SCXW200834897 BCX0\">t<\/span><span class=\"NormalTextRun SCXW200834897 BCX0\">reballs <\/span><span class=\"NormalTextRun SCXW200834897 BCX0\">f<\/span><span class=\"NormalTextRun SCXW200834897 BCX0\">orestals)<\/span><span class=\"NormalTextRun SCXW200834897 BCX0\"> interessats <\/span><span class=\"NormalTextRun SCXW200834897 BCX0\">a<\/span><span class=\"NormalTextRun SCXW200834897 BCX0\"> participar <\/span><\/span><span class=\"TextRun MacChromeBold SCXW200834897 BCX0\" lang=\"CA-ES\" xml:lang=\"CA-ES\" data-contrast=\"auto\"><span class=\"NormalTextRun SCXW200834897 BCX0\">volunt\u00e0riament<\/span><\/span><span class=\"TextRun SCXW200834897 BCX0\" lang=\"CA-ES\" xml:lang=\"CA-ES\" data-contrast=\"auto\"><span class=\"NormalTextRun SCXW200834897 BCX0\"> en la <\/span><span class=\"NormalTextRun SCXW200834897 BCX0\">c<\/span><span class=\"NormalTextRun SCXW200834897 BCX0\">ertificaci\u00f3 PEFC a nivell<\/span><span class=\"NormalTextRun SCXW200834897 BCX0\"> r<\/span><span class=\"NormalTextRun SCXW200834897 BCX0\">egional<\/span><span class=\"NormalTextRun SCXW200834897 BCX0\">.<\/span><\/span><span class=\"EOP SCXW200834897 BCX0\" data-ccp-props=\"{&quot;201341983&quot;:0,&quot;335551550&quot;:6,&quot;335551620&quot;:6,&quot;335559685&quot;:709,&quot;335559739&quot;:160,&quot;335559740&quot;:240,&quot;335559991&quot;:142}\">\u00a0<\/span>[\/vc_column_text][\/vc_column_inner][vc_column_inner width=&#8221;1\/2&#8243;][vc_icon type=&#8221;linecons&#8221; icon_linecons=&#8221;vc_li vc_li-calendar&#8221; color=&#8221;custom&#8221; size=&#8221;lg&#8221; custom_color=&#8221;#875b10&#8243;][vc_column_text]<span class=\"TextRun SCXW39992252 BCX0\" lang=\"CA-ES\" xml:lang=\"CA-ES\" data-contrast=\"auto\"><span class=\"NormalTextRun SCXW39992252 BCX0\">Dur a terme les activitats i controls previstos <\/span><span class=\"NormalTextRun SCXW39992252 BCX0\">en el <\/span><\/span><span class=\"TextRun Underlined MacChromeBold SCXW39992252 BCX0\" lang=\"CA-ES\" xml:lang=\"CA-ES\" data-contrast=\"none\"><span class=\"NormalTextRun SCXW39992252 BCX0\">s<\/span><span class=\"NormalTextRun SCXW39992252 BCX0\">i<\/span><span class=\"NormalTextRun SCXW39992252 BCX0\">stema PEFC<\/span><\/span><span class=\"TextRun MacChromeBold SCXW39992252 BCX0\" lang=\"CA-ES\" xml:lang=\"CA-ES\" data-contrast=\"none\"><span class=\"NormalTextRun Superscript SCXW39992252 BCX0\" data-fontsize=\"11\">4<\/span><\/span> <span class=\"TextRun SCXW39992252 BCX0\" lang=\"CA-ES\" xml:lang=\"CA-ES\" data-contrast=\"auto\"><span class=\"NormalTextRun SCXW39992252 BCX0\">i en el<\/span><span class=\"NormalTextRun SCXW39992252 BCX0\"> seu<\/span> <\/span><span class=\"TextRun Underlined MacChromeBold SCXW39992252 BCX0\" lang=\"CA-ES\" xml:lang=\"CA-ES\" data-contrast=\"none\"><span class=\"NormalTextRun SCXW39992252 BCX0\">P<\/span><span class=\"NormalTextRun SCXW39992252 BCX0\">rocediment de <\/span><span class=\"NormalTextRun SCXW39992252 BCX0\">c<\/span><span class=\"NormalTextRun SCXW39992252 BCX0\">ontrol<\/span><\/span><span class=\"TextRun MacChromeBold SCXW39992252 BCX0\" lang=\"CA-ES\" xml:lang=\"CA-ES\" data-contrast=\"none\"><span class=\"NormalTextRun Superscript SCXW39992252 BCX0\" data-fontsize=\"11\">5<\/span><\/span><span class=\"TextRun SCXW39992252 BCX0\" lang=\"CA-ES\" xml:lang=\"CA-ES\" data-contrast=\"none\"><span class=\"NormalTextRun SCXW39992252 BCX0\">\u00a0<\/span><\/span>[\/vc_column_text][\/vc_column_inner][\/vc_row_inner][\/vc_column][\/vc_row][vc_row full_width=&#8221;stretch_row&#8221; css=&#8221;.vc_custom_1647961636484{padding-top: 75px !important;}&#8221;][vc_column css=&#8221;.vc_custom_1515677064675{padding-right: 0px !important;padding-left: 0px !important;}&#8221;][vc_row_inner][vc_column_inner]<header class=\"kd-section-title vc_col-lg-6 vc_col-sm-8 text-center  kd-animated fadeIn   vc_custom_1662686078481\" data-animation-delay=200><h2 class=\"separator_off\" >ACTUALIDAD<\/h2><h6 class=\"subtitle \" >Est\u00e9 siempre actualizado con las \u00faltimas noticias y novedades del sector.<\/h6><\/header>[\/vc_column_inner][\/vc_row_inner][vc_row_inner][vc_column_inner][vc_basic_grid post_type=&#8221;post&#8221; max_items=&#8221;3&#8243; style=&#8221;load-more&#8221; items_per_page=&#8221;3&#8243; item=&#8221;4339&#8243; btn_title=&#8221;LLEGIR-NE M\u00c9S&#8221; btn_style=&#8221;modern&#8221; btn_color=&#8221;default&#8221; btn_size=&#8221;xs&#8221; grid_id=&#8221;vc_gid:1675389783736-c120d9af-66b6-1&#8243;][\/vc_column_inner][\/vc_row_inner][\/vc_column][\/vc_row][vc_row full_width=&#8221;stretch_row&#8221; kd_image_overlay_color=&#8221;#efefef&#8221; kd_image_overlay=&#8221;true&#8221; css=&#8221;.vc_custom_1647959161700{padding-top: 75px !important;}&#8221;][vc_column css=&#8221;.vc_custom_1515677064675{padding-right: 0px !important;padding-left: 0px !important;}&#8221;][vc_row_inner content_placement=&#8221;middle&#8221; css=&#8221;.vc_custom_1647959231986{margin-top: 0px !important;margin-bottom: 50px !important;padding-top: 55px !important;padding-bottom: 55px !important;}&#8221;][vc_column_inner width=&#8221;1\/2&#8243;][vc_single_image image=&#8221;9340&#8243; img_size=&#8221;full&#8221; alignment=&#8221;center&#8221;][\/vc_column_inner][vc_column_inner width=&#8221;1\/2&#8243;]<header class=\"kd-section-title col-lg-12 text-left    \" ><h2 class=\"separator_off\" >CERTIFICACI\u00d3N FORESTAL EN GESTI\u00d3N FORESTAL SOSTENIBLE<\/h2><\/header>[vc_column_text]La <strong>certificaci\u00f3n forestal\u00a0PEFC\u00a0en gesti\u00f3n forestal sostenible<\/strong>, punto de partida de la Certificaci\u00f3n PEFC, garantiza que los montes se gestionan de acuerdo con los requisitos y desafiantes retos ambientales, sociales y econ\u00f3micos actuales a la vez que tambi\u00e9n garantiza que los productos de origen forestal se comercializar\u00e1n como productos certificados PEFC.[\/vc_column_text][vc_btn title=&#8221;LEER M\u00c1S&#8221; style=&#8221;flat&#8221; shape=&#8221;square&#8221; color=&#8221;danger&#8221; size=&#8221;lg&#8221; link=&#8221;url:https%3A%2F%2Fenscat.org%2Fes%2Fcertificacio-forestal-pefc%2Fcertificacions-pefc%2F%23certificaci%C3%B3-PEF-gesti%C3%B3-forestal-sostenible&#8221;][\/vc_column_inner][\/vc_row_inner][\/vc_column][\/vc_row][vc_row full_width=&#8221;stretch_row&#8221; content_placement=&#8221;middle&#8221; kd_fixed_background=&#8221;true&#8221; css=&#8221;.vc_custom_1645902634997{background-image: url(https:\/\/enscat.org\/wp-content\/uploads\/2022\/02\/bg-cta2-scaled.jpg?id=7675) !important;background-position: center !important;background-repeat: no-repeat !important;background-size: cover !important;}&#8221;][vc_column css=&#8221;.vc_custom_1645899691187{padding-top: 100px !important;padding-bottom: 100px !important;}&#8221;][vc_row_inner content_placement=&#8221;middle&#8221;][vc_column_inner width=&#8221;1\/4&#8243;][vc_single_image image=&#8221;7687&#8243; img_size=&#8221;full&#8221; alignment=&#8221;center&#8221;][\/vc_column_inner][vc_column_inner width=&#8221;1\/2&#8243;]<header class=\"kd-section-title col-lg-12 text-left  kd-animated fadeIn   vc_custom_1662686161970\" data-animation-delay=200><h2 class=\"separator_off\" style=\"color: #ffffff;font-size: 55px;\">Cerca de 300.000 tiene que bosques certificados en Gesti\u00f3n Forestal Sostenible<\/h2><\/header>[\/vc_column_inner][vc_column_inner width=&#8221;1\/4&#8243;][vc_btn title=&#8221;Llegir m\u00e9s sobre certificacions&#8221; style=&#8221;flat&#8221; shape=&#8221;square&#8221; color=&#8221;danger&#8221; size=&#8221;lg&#8221; link=&#8221;url:https%3A%2F%2Fenscat.org%2Fes%2Fcertificacio-forestal-pefc%2Fcertificacions-pefc%2F|title:Certificacions%20PEFC&#8221;][\/vc_column_inner][\/vc_row_inner][\/vc_column][\/vc_row][vc_row full_width=&#8221;stretch_row&#8221; css=&#8221;.vc_custom_1645903358081{padding-top: 100px !important;padding-bottom: 100px !important;background-color: #c9b8a9 !important;}&#8221;][vc_column][vc_row_inner][vc_column_inner width=&#8221;1\/3&#8243; offset=&#8221;vc_hidden-xs&#8221;][vc_single_image image=&#8221;9242&#8243; img_size=&#8221;full&#8221; alignment=&#8221;center&#8221; onclick=&#8221;custom_link&#8221; css_animation=&#8221;bottom-to-top&#8221; link=&#8221;https:%2F%2Fenscat.org%2Fcertificacions-pefc%2F|&#8221;][\/vc_column_inner][vc_column_inner width=&#8221;1\/3&#8243;][vc_single_image image=&#8221;9246&#8243; img_size=&#8221;full&#8221; alignment=&#8221;center&#8221; onclick=&#8221;custom_link&#8221; css_animation=&#8221;bottom-to-top&#8221; link=&#8221;https:%2F%2Fenscat.org%2Fcertificacions-pefc%2F%23cadena|&#8221;][\/vc_column_inner][vc_column_inner width=&#8221;1\/3&#8243;][vc_single_image image=&#8221;9250&#8243; img_size=&#8221;full&#8221; alignment=&#8221;center&#8221; onclick=&#8221;custom_link&#8221; css_animation=&#8221;bottom-to-top&#8221; link=&#8221;https:%2F%2Fenscat.org%2Fnormativa%2F%23medi-nat|&#8221;][\/vc_column_inner][\/vc_row_inner][vc_row_inner][vc_column_inner width=&#8221;1\/3&#8243; offset=&#8221;vc_hidden-xs&#8221;][vc_single_image image=&#8221;9254&#8243; img_size=&#8221;full&#8221; alignment=&#8221;center&#8221; onclick=&#8221;custom_link&#8221; css_animation=&#8221;bottom-to-top&#8221; link=&#8221;https:%2F%2Fenscat.org%2Fdades-i-estadistiques%2F|&#8221;][\/vc_column_inner][vc_column_inner width=&#8221;1\/3&#8243;][vc_single_image image=&#8221;9258&#8243; img_size=&#8221;full&#8221; alignment=&#8221;center&#8221; onclick=&#8221;custom_link&#8221; css_animation=&#8221;bottom-to-top&#8221; link=&#8221;https:%2F%2Fenscat.org%2Fadscrits%2F%23propietat-forestal|&#8221;][\/vc_column_inner][vc_column_inner width=&#8221;1\/3&#8243;][vc_single_image image=&#8221;9262&#8243; img_size=&#8221;full&#8221; alignment=&#8221;center&#8221; onclick=&#8221;custom_link&#8221; css_animation=&#8221;bottom-to-top&#8221; link=&#8221;https:%2F%2Fenscat.org%2Fadscrits%2F%23empreses-de-treball|&#8221;][\/vc_column_inner][\/vc_row_inner][\/vc_column][\/vc_row][vc_row full_width=&#8221;stretch_row&#8221;][vc_column][vc_row_inner css=&#8221;.vc_custom_1550581306543{padding-top: 100px !important;padding-bottom: 100px !important;}&#8221;][vc_column_inner]<header class=\"kd-section-title col-lg-12 text-center     vc_custom_1648465460771\" ><h2 class=\"separator_off\" >Membres l'ENSCAT<\/h2><h6 class=\"subtitle \" >Els membres actuals de l\u2019ENSCAT s\u00f3n:<\/h6><\/header><div class=\"slider clients grayscale-effect kd-client-69ef498095fd1 black-navigation \"><div class=\"clients-content kd-animated zoomIn\" data-animation-delay=200><a href=\"https:\/\/www.acm.cat\/\" target=\"_blank\"><img loading=\"lazy\" decoding=\"async\" width=\"142\" height=\"62\" src=\"https:\/\/enscat.org\/wp-content\/uploads\/2022\/02\/Associacia\u0328-Catalana-de-Municipis-ACM.jpg\" class=\"attachment-full\" alt=\"Associacia\u0328 Catalana de Municipis (ACM)\" title=\"Associacia\u0328 Catalana de Municipis (ACM)\" \/><\/a><\/div><div class=\"clients-content kd-animated zoomIn\" data-animation-delay=200><a href=\"https:\/\/www.boscat.cat\/\" target=\"_blank\"><img loading=\"lazy\" decoding=\"async\" width=\"250\" height=\"146\" src=\"https:\/\/enscat.org\/wp-content\/uploads\/2022\/02\/boscat.png\" class=\"attachment-full\" alt=\"BOSCAT\" title=\"BOSCAT\" \/><\/a><\/div><div class=\"clients-content kd-animated zoomIn\" data-animation-delay=200><a href=\"http:\/\/www.elfocat.cat\/\" target=\"_blank\"><img loading=\"lazy\" decoding=\"async\" width=\"150\" height=\"126\" src=\"https:\/\/enscat.org\/wp-content\/uploads\/2022\/02\/elfocat.jpg\" class=\"attachment-full\" alt=\"ELFOCAT\" title=\"ELFOCAT\" \/><\/a><\/div><div class=\"clients-content kd-animated zoomIn\" data-animation-delay=200><a href=\"https:\/\/www.forestal.cat\" target=\"_blank\"><img loading=\"lazy\" decoding=\"async\" width=\"300\" height=\"123\" src=\"https:\/\/enscat.org\/wp-content\/uploads\/2022\/03\/CFC-RGB_opt.png\" class=\"attachment-full\" alt=\"Consorci Forestal de Catalunya\" title=\"CFC RGB_opt\" srcset=\"https:\/\/enscat.org\/wp-content\/uploads\/2022\/03\/CFC-RGB_opt.png 300w, https:\/\/enscat.org\/wp-content\/uploads\/2022\/03\/CFC-RGB_opt-150x62.png 150w\" sizes=\"auto, (max-width: 300px) 100vw, 300px\" \/><\/a><\/div><div class=\"clients-content kd-animated zoomIn\" data-animation-delay=200><a href=\"https:\/\/uniopagesos.cat\/\" target=\"_blank\"><img loading=\"lazy\" decoding=\"async\" width=\"300\" height=\"61\" src=\"https:\/\/enscat.org\/wp-content\/uploads\/2022\/03\/UNIODEPAGESOS-opt.png\" class=\"attachment-full\" alt=\"UNI\u00d3DEPAGESOS\" title=\"UNI\u00d3DEPAGESOS opt\" srcset=\"https:\/\/enscat.org\/wp-content\/uploads\/2022\/03\/UNIODEPAGESOS-opt.png 300w, https:\/\/enscat.org\/wp-content\/uploads\/2022\/03\/UNIODEPAGESOS-opt-150x31.png 150w\" sizes=\"auto, (max-width: 300px) 100vw, 300px\" \/><\/a><\/div><div class=\"clients-content kd-animated zoomIn\" data-animation-delay=200><a href=\"https:\/\/www.institutagricola.org\/\" target=\"_blank\"><img loading=\"lazy\" decoding=\"async\" width=\"300\" height=\"103\" src=\"https:\/\/enscat.org\/wp-content\/uploads\/2022\/03\/Institut-opt.png\" class=\"attachment-full\" alt=\"Institut Agricola\" title=\"Institut opt\" srcset=\"https:\/\/enscat.org\/wp-content\/uploads\/2022\/03\/Institut-opt.png 300w, https:\/\/enscat.org\/wp-content\/uploads\/2022\/03\/Institut-opt-150x52.png 150w\" sizes=\"auto, (max-width: 300px) 100vw, 300px\" \/><\/a><\/div><div class=\"clients-content kd-animated zoomIn\" data-animation-delay=200><a href=\"https:\/\/www.arescat.cat\/\" target=\"_blank\"><img loading=\"lazy\" decoding=\"async\" width=\"300\" height=\"300\" src=\"https:\/\/enscat.org\/wp-content\/uploads\/2022\/03\/Arescat_opt.png\" class=\"attachment-full\" alt=\"Arescat\" title=\"Arescat_opt\" srcset=\"https:\/\/enscat.org\/wp-content\/uploads\/2022\/03\/Arescat_opt.png 300w, https:\/\/enscat.org\/wp-content\/uploads\/2022\/03\/Arescat_opt-150x150.png 150w\" sizes=\"auto, (max-width: 300px) 100vw, 300px\" \/><\/a><\/div><div class=\"clients-content kd-animated zoomIn\" data-animation-delay=200><a href=\"http:\/\/www.acetref.org\/\" target=\"_blank\"><img loading=\"lazy\" decoding=\"async\" width=\"300\" height=\"89\" src=\"https:\/\/enscat.org\/wp-content\/uploads\/2022\/03\/ACETREF_opt.png\" class=\"attachment-full\" alt=\"ACETREF\" title=\"ACETREF_opt\" srcset=\"https:\/\/enscat.org\/wp-content\/uploads\/2022\/03\/ACETREF_opt.png 300w, https:\/\/enscat.org\/wp-content\/uploads\/2022\/03\/ACETREF_opt-150x45.png 150w\" sizes=\"auto, (max-width: 300px) 100vw, 300px\" \/><\/a><\/div><div class=\"clients-content kd-animated zoomIn\" data-animation-delay=200><a href=\"http:\/\/agricultura.gencat.cat\/\" target=\"_blank\"><img loading=\"lazy\" decoding=\"async\" width=\"300\" height=\"52\" src=\"https:\/\/enscat.org\/wp-content\/uploads\/2022\/03\/accioclimatica_opt.png\" class=\"attachment-full\" alt=\"Gen Cat\" title=\"accioclimatica_opt\" srcset=\"https:\/\/enscat.org\/wp-content\/uploads\/2022\/03\/accioclimatica_opt.png 300w, https:\/\/enscat.org\/wp-content\/uploads\/2022\/03\/accioclimatica_opt-150x26.png 150w\" sizes=\"auto, (max-width: 300px) 100vw, 300px\" \/><\/a><\/div><\/div><script type=\"text\/javascript\">\r\n              jQuery(document).ready(function($){\r\n                if ($(\".slider.clients.kd-client-69ef498095fd1\").length) {\r\n                  $(\".slider.clients.kd-client-69ef498095fd1\").owlCarousel({\r\n                    stageClass: \"owl-wrapper\",\r\n                    stageOuterClass: \"owl-wrapper-outer\",\r\n                    loadedClass: \"owl-carousel\",\r\n                    responsiveClass:true,\r\n                    responsive:{\r\n                      0:{\r\n                          items:1,nav: true,\r\n                            navSpeed: 500,\r\n                            dots: false,},\r\n                      480:{\r\n                          items:3,nav: true,\r\n                            navSpeed: 500,\r\n                            dots: false,},\r\n                      960:{\r\n                          items:5,nav: true,\r\n                              navSpeed: 500,\r\n                              dots: false,}\r\n                    },loop: true,autoplay: true,autoplayTimeout: 6000,autoplayHoverPause: true,\r\n                  });\r\n                }\r\n              });\r\n            <\/script>[\/vc_column_inner][\/vc_row_inner][\/vc_column][\/vc_row]<\/p>\n<\/div>","protected":false},"excerpt":{"rendered":"<p>[vc_row][vc_column][rev_slider_vc alias=&#8221;home-cat-1&#8243;][\/vc_column][\/vc_row][vc_row content_placement=&#8221;middle&#8221; css=&#8221;.vc_custom_1647707798197{margin-top: -200px !important;padding-top: 0px !important;padding-right: 0px !important;padding-bottom: 0px !important;padding-left: 0px !important;background-color: #ffffff [&hellip;]<\/p>\n","protected":false},"author":1,"featured_media":9375,"parent":0,"menu_order":0,"comment_status":"closed","ping_status":"closed","template":"","meta":{"_acf_changed":false,"footnotes":""},"class_list":["post-9419","page","type-page","status-publish","has-post-thumbnail","hentry"],"acf":[],"yoast_head":"<!-- This site is optimized with the Yoast SEO plugin v27.3 - https:\/\/yoast.com\/product\/yoast-seo-wordpress\/ -->\n<title>ENSCAT - Ens Catal\u00e0 Sol\u00b7licitant de la Certificaci\u00f3 Forestal PEFC<\/title>\n<meta name=\"description\" content=\"Asociaci\u00f3n que promueve la Certificaci\u00f3n Forestal PEFC en fincas privadas y p\u00fablicas de los bosques de Catalu\u00f1a en al \u00e1mbito de Gesti\u00f3n Forestal Sostenible.\" \/>\n<meta name=\"robots\" content=\"index, follow, max-snippet:-1, max-image-preview:large, max-video-preview:-1\" \/>\n<link rel=\"canonical\" href=\"https:\/\/enscat.org\/es\/\" \/>\n<meta property=\"og:locale\" content=\"es_ES\" \/>\n<meta property=\"og:type\" content=\"article\" \/>\n<meta property=\"og:title\" content=\"ENSCAT - Ens Catal\u00e0 Sol\u00b7licitant de la Certificaci\u00f3 Forestal PEFC\" \/>\n<meta property=\"og:description\" content=\"Asociaci\u00f3n que promueve la Certificaci\u00f3n Forestal PEFC en fincas privadas y p\u00fablicas de los bosques de Catalu\u00f1a en al \u00e1mbito de Gesti\u00f3n Forestal Sostenible.\" \/>\n<meta property=\"og:url\" content=\"https:\/\/enscat.org\/es\/\" \/>\n<meta property=\"og:site_name\" content=\"ENSCAT\" \/>\n<meta property=\"article:modified_time\" content=\"2023-02-03T02:18:33+00:00\" \/>\n<meta property=\"og:image\" content=\"https:\/\/enscat.org\/wp-content\/uploads\/2022\/03\/IMAENSCAT-ORG.jpg\" \/>\n\t<meta property=\"og:image:width\" content=\"1200\" \/>\n\t<meta property=\"og:image:height\" content=\"630\" \/>\n\t<meta property=\"og:image:type\" content=\"image\/jpeg\" \/>\n<meta name=\"twitter:card\" content=\"summary_large_image\" \/>\n<script type=\"application\/ld+json\" class=\"yoast-schema-graph\">{\"@context\":\"https:\\\/\\\/schema.org\",\"@graph\":[{\"@type\":\"WebPage\",\"@id\":\"https:\\\/\\\/enscat.org\\\/es\\\/\",\"url\":\"https:\\\/\\\/enscat.org\\\/es\\\/\",\"name\":\"ENSCAT - Ens Catal\u00e0 Sol\u00b7licitant de la Certificaci\u00f3 Forestal PEFC\",\"isPartOf\":{\"@id\":\"https:\\\/\\\/enscat.org\\\/es\\\/#website\"},\"primaryImageOfPage\":{\"@id\":\"https:\\\/\\\/enscat.org\\\/es\\\/#primaryimage\"},\"image\":{\"@id\":\"https:\\\/\\\/enscat.org\\\/es\\\/#primaryimage\"},\"thumbnailUrl\":\"https:\\\/\\\/enscat.org\\\/wp-content\\\/uploads\\\/2022\\\/03\\\/IMAENSCAT-ORG.jpg\",\"datePublished\":\"2019-04-24T08:56:17+00:00\",\"dateModified\":\"2023-02-03T02:18:33+00:00\",\"description\":\"Asociaci\u00f3n que promueve la Certificaci\u00f3n Forestal PEFC en fincas privadas y p\u00fablicas de los bosques de Catalu\u00f1a en al \u00e1mbito de Gesti\u00f3n Forestal Sostenible.\",\"breadcrumb\":{\"@id\":\"https:\\\/\\\/enscat.org\\\/es\\\/#breadcrumb\"},\"inLanguage\":\"es\",\"potentialAction\":[{\"@type\":\"ReadAction\",\"target\":[\"https:\\\/\\\/enscat.org\\\/es\\\/\"]}]},{\"@type\":\"ImageObject\",\"inLanguage\":\"es\",\"@id\":\"https:\\\/\\\/enscat.org\\\/es\\\/#primaryimage\",\"url\":\"https:\\\/\\\/enscat.org\\\/wp-content\\\/uploads\\\/2022\\\/03\\\/IMAENSCAT-ORG.jpg\",\"contentUrl\":\"https:\\\/\\\/enscat.org\\\/wp-content\\\/uploads\\\/2022\\\/03\\\/IMAENSCAT-ORG.jpg\",\"width\":1200,\"height\":630},{\"@type\":\"BreadcrumbList\",\"@id\":\"https:\\\/\\\/enscat.org\\\/es\\\/#breadcrumb\",\"itemListElement\":[{\"@type\":\"ListItem\",\"position\":1,\"name\":\"Portada\",\"item\":\"https:\\\/\\\/enscat.org\\\/es\\\/inicio\\\/\"},{\"@type\":\"ListItem\",\"position\":2,\"name\":\"Inicio\"}]},{\"@type\":\"WebSite\",\"@id\":\"https:\\\/\\\/enscat.org\\\/es\\\/#website\",\"url\":\"https:\\\/\\\/enscat.org\\\/es\\\/\",\"name\":\"ENSCAT\",\"description\":\"Ens Catal\u00e0 Sol\u00b7licitant de la Certificaci\u00f3 Forestal\",\"publisher\":{\"@id\":\"https:\\\/\\\/enscat.org\\\/es\\\/#organization\"},\"potentialAction\":[{\"@type\":\"SearchAction\",\"target\":{\"@type\":\"EntryPoint\",\"urlTemplate\":\"https:\\\/\\\/enscat.org\\\/es\\\/?s={search_term_string}\"},\"query-input\":{\"@type\":\"PropertyValueSpecification\",\"valueRequired\":true,\"valueName\":\"search_term_string\"}}],\"inLanguage\":\"es\"},{\"@type\":\"Organization\",\"@id\":\"https:\\\/\\\/enscat.org\\\/es\\\/#organization\",\"name\":\"Ens Catl\u00e0 Sol\u00b7licitant de la Certificaci\u00f3 Forestal\",\"url\":\"https:\\\/\\\/enscat.org\\\/es\\\/\",\"logo\":{\"@type\":\"ImageObject\",\"inLanguage\":\"es\",\"@id\":\"https:\\\/\\\/enscat.org\\\/es\\\/#\\\/schema\\\/logo\\\/image\\\/\",\"url\":\"https:\\\/\\\/enscat.org\\\/wp-content\\\/uploads\\\/2022\\\/01\\\/LogoENSCAT-color.svg\",\"contentUrl\":\"https:\\\/\\\/enscat.org\\\/wp-content\\\/uploads\\\/2022\\\/01\\\/LogoENSCAT-color.svg\",\"width\":\"1024\",\"height\":\"1024\",\"caption\":\"Ens Catl\u00e0 Sol\u00b7licitant de la Certificaci\u00f3 Forestal\"},\"image\":{\"@id\":\"https:\\\/\\\/enscat.org\\\/es\\\/#\\\/schema\\\/logo\\\/image\\\/\"}}]}<\/script>\n<!-- \/ Yoast SEO plugin. -->","yoast_head_json":{"title":"ENSCAT - Ens Catal\u00e0 Sol\u00b7licitant de la Certificaci\u00f3 Forestal PEFC","description":"Asociaci\u00f3n que promueve la Certificaci\u00f3n Forestal PEFC en fincas privadas y p\u00fablicas de los bosques de Catalu\u00f1a en al \u00e1mbito de Gesti\u00f3n Forestal Sostenible.","robots":{"index":"index","follow":"follow","max-snippet":"max-snippet:-1","max-image-preview":"max-image-preview:large","max-video-preview":"max-video-preview:-1"},"canonical":"https:\/\/enscat.org\/es\/","og_locale":"es_ES","og_type":"article","og_title":"ENSCAT - Ens Catal\u00e0 Sol\u00b7licitant de la Certificaci\u00f3 Forestal PEFC","og_description":"Asociaci\u00f3n que promueve la Certificaci\u00f3n Forestal PEFC en fincas privadas y p\u00fablicas de los bosques de Catalu\u00f1a en al \u00e1mbito de Gesti\u00f3n Forestal Sostenible.","og_url":"https:\/\/enscat.org\/es\/","og_site_name":"ENSCAT","article_modified_time":"2023-02-03T02:18:33+00:00","og_image":[{"width":1200,"height":630,"url":"https:\/\/enscat.org\/wp-content\/uploads\/2022\/03\/IMAENSCAT-ORG.jpg","type":"image\/jpeg"}],"twitter_card":"summary_large_image","schema":{"@context":"https:\/\/schema.org","@graph":[{"@type":"WebPage","@id":"https:\/\/enscat.org\/es\/","url":"https:\/\/enscat.org\/es\/","name":"ENSCAT - Ens Catal\u00e0 Sol\u00b7licitant de la Certificaci\u00f3 Forestal PEFC","isPartOf":{"@id":"https:\/\/enscat.org\/es\/#website"},"primaryImageOfPage":{"@id":"https:\/\/enscat.org\/es\/#primaryimage"},"image":{"@id":"https:\/\/enscat.org\/es\/#primaryimage"},"thumbnailUrl":"https:\/\/enscat.org\/wp-content\/uploads\/2022\/03\/IMAENSCAT-ORG.jpg","datePublished":"2019-04-24T08:56:17+00:00","dateModified":"2023-02-03T02:18:33+00:00","description":"Asociaci\u00f3n que promueve la Certificaci\u00f3n Forestal PEFC en fincas privadas y p\u00fablicas de los bosques de Catalu\u00f1a en al \u00e1mbito de Gesti\u00f3n Forestal Sostenible.","breadcrumb":{"@id":"https:\/\/enscat.org\/es\/#breadcrumb"},"inLanguage":"es","potentialAction":[{"@type":"ReadAction","target":["https:\/\/enscat.org\/es\/"]}]},{"@type":"ImageObject","inLanguage":"es","@id":"https:\/\/enscat.org\/es\/#primaryimage","url":"https:\/\/enscat.org\/wp-content\/uploads\/2022\/03\/IMAENSCAT-ORG.jpg","contentUrl":"https:\/\/enscat.org\/wp-content\/uploads\/2022\/03\/IMAENSCAT-ORG.jpg","width":1200,"height":630},{"@type":"BreadcrumbList","@id":"https:\/\/enscat.org\/es\/#breadcrumb","itemListElement":[{"@type":"ListItem","position":1,"name":"Portada","item":"https:\/\/enscat.org\/es\/inicio\/"},{"@type":"ListItem","position":2,"name":"Inicio"}]},{"@type":"WebSite","@id":"https:\/\/enscat.org\/es\/#website","url":"https:\/\/enscat.org\/es\/","name":"ENSCAT","description":"Ens Catal\u00e0 Sol\u00b7licitant de la Certificaci\u00f3 Forestal","publisher":{"@id":"https:\/\/enscat.org\/es\/#organization"},"potentialAction":[{"@type":"SearchAction","target":{"@type":"EntryPoint","urlTemplate":"https:\/\/enscat.org\/es\/?s={search_term_string}"},"query-input":{"@type":"PropertyValueSpecification","valueRequired":true,"valueName":"search_term_string"}}],"inLanguage":"es"},{"@type":"Organization","@id":"https:\/\/enscat.org\/es\/#organization","name":"Ens Catl\u00e0 Sol\u00b7licitant de la Certificaci\u00f3 Forestal","url":"https:\/\/enscat.org\/es\/","logo":{"@type":"ImageObject","inLanguage":"es","@id":"https:\/\/enscat.org\/es\/#\/schema\/logo\/image\/","url":"https:\/\/enscat.org\/wp-content\/uploads\/2022\/01\/LogoENSCAT-color.svg","contentUrl":"https:\/\/enscat.org\/wp-content\/uploads\/2022\/01\/LogoENSCAT-color.svg","width":"1024","height":"1024","caption":"Ens Catl\u00e0 Sol\u00b7licitant de la Certificaci\u00f3 Forestal"},"image":{"@id":"https:\/\/enscat.org\/es\/#\/schema\/logo\/image\/"}}]}},"_links":{"self":[{"href":"https:\/\/enscat.org\/es\/wp-json\/wp\/v2\/pages\/9419","targetHints":{"allow":["GET"]}}],"collection":[{"href":"https:\/\/enscat.org\/es\/wp-json\/wp\/v2\/pages"}],"about":[{"href":"https:\/\/enscat.org\/es\/wp-json\/wp\/v2\/types\/page"}],"author":[{"embeddable":true,"href":"https:\/\/enscat.org\/es\/wp-json\/wp\/v2\/users\/1"}],"replies":[{"embeddable":true,"href":"https:\/\/enscat.org\/es\/wp-json\/wp\/v2\/comments?post=9419"}],"version-history":[{"count":0,"href":"https:\/\/enscat.org\/es\/wp-json\/wp\/v2\/pages\/9419\/revisions"}],"wp:featuredmedia":[{"embeddable":true,"href":"https:\/\/enscat.org\/es\/wp-json\/wp\/v2\/media\/9375"}],"wp:attachment":[{"href":"https:\/\/enscat.org\/es\/wp-json\/wp\/v2\/media?parent=9419"}],"curies":[{"name":"wp","href":"https:\/\/api.w.org\/{rel}","templated":true}]}}